
{"id":34,"date":"2020-06-29T08:20:19","date_gmt":"2020-06-29T06:20:19","guid":{"rendered":"http:\/\/sw-themes.com\/porto_dummy\/?page_id=34"},"modified":"2026-04-15T11:57:07","modified_gmt":"2026-04-15T09:57:07","slug":"location","status":"publish","type":"page","link":"https:\/\/www.godsofinktattooconvention.com\/de\/location\/","title":{"rendered":"Location"},"content":{"rendered":"<div data-elementor-type=\"wp-page\" data-elementor-id=\"34\" class=\"elementor elementor-34\">\n\t\t\t\t\t\t<section class=\"porto-full-no-gap elementor-section elementor-top-section elementor-element elementor-element-0a6503a elementor-section-full_width elementor-section-height-min-height elementor-section-height-default elementor-section-items-middle\" data-id=\"0a6503a\" data-element_type=\"section\" data-settings=\"{&quot;background_background&quot;:&quot;classic&quot;}\">\r\n\t\t\r\n\t\t\t\t\t\t\t<div class=\"elementor-container elementor-column-gap-no\">\r\n\t\t\t\t\t\t\t\t\t\t\t<div class=\"elementor-column elementor-col-100 elementor-top-column elementor-element elementor-element-8a37a45\" data-id=\"8a37a45\" data-element_type=\"column\">\r\n\t\t\t\t\t<div class=\"elementor-widget-wrap elementor-element-populated\">\r\n\t\t\t\t\t\t\t\t<div class=\"elementor-element elementor-element-5062ec6 primary-punc-mark mb-0 elementor-widget elementor-widget-heading\" data-id=\"5062ec6\" data-element_type=\"widget\" data-widget_type=\"heading.default\">\n\t\t\t\t<div class=\"elementor-widget-container\">\n\t\t\t\t\t<h2 class=\"elementor-heading-title elementor-size-default\">DOWNLOAD HERE THE FLOOR MAP GODS OF INK 2026.<\/h2>\t\t\t\t<\/div>\n\t\t\t\t<\/div>\n\t\t\t\t<div class=\"elementor-element elementor-element-cf54c96 btn-primary-outline btn-arrow-move mb-0 mt_20 elementor-widget elementor-widget-porto_button\" data-id=\"cf54c96\" data-element_type=\"widget\" data-settings=\"{&quot;align&quot;:&quot;center&quot;}\" data-widget_type=\"porto_button.default\">\n\t\t\t\t<div class=\"elementor-widget-container\">\n\t\t\t\t\t<a aria-label=\"button\" class=\"btn btn-md btn-primary btn-modern btn-icon btn-icon-right\" href=\"https:\/\/www.godsofinktattooconvention.com\/wp-content\/uploads\/2026\/04\/FLOOR-MAP-GODS-OF-INK-2026-copia.pdf\"><span >DOWNLOAD NOW!<\/span><i class=\"fas fa-arrow-right\"><\/i><\/a>\t\t\t\t<\/div>\n\t\t\t\t<\/div>\n\t\t\t\t\t<\/div>\r\n\t\t\t\t<\/div>\r\n\t\t\t\t\t<\/div>\r\n\t\t\t\t<\/section>\r\n\t\t\t\t<section class=\"porto-full-no-gap elementor-section elementor-top-section elementor-element elementor-element-3672c71 elementor-section-full_width elementor-section-height-default elementor-section-height-default\" data-id=\"3672c71\" data-element_type=\"section\" data-settings=\"{&quot;background_background&quot;:&quot;classic&quot;}\">\r\n\t\t\r\n\t\t\t\t\t\t\t<div class=\"elementor-container elementor-column-gap-no\">\r\n\t\t\t\t\t\t\t\t\t\t\t<div class=\"elementor-column elementor-col-100 elementor-top-column elementor-element elementor-element-c00bff5\" data-id=\"c00bff5\" data-element_type=\"column\">\r\n\t\t\t\t\t<div class=\"elementor-widget-wrap elementor-element-populated\">\r\n\t\t\t\t\t\t\t\t<div class=\"elementor-element elementor-element-f544903 elementor-widget elementor-widget-google_maps\" data-id=\"f544903\" data-element_type=\"widget\" data-widget_type=\"google_maps.default\">\n\t\t\t\t<div class=\"elementor-widget-container\">\n\t\t\t\t\t\t\t<div class=\"elementor-custom-embed\">\n\t\t\t<iframe loading=\"lazy\"\n\t\t\t\t\tsrc=\"https:\/\/maps.google.com\/maps?q=Hall%201%2C%20Ludwig-Erhard-Anlage%201%2C%2060327%20Frankfurt%20am%20Main%2C%20Germany&#038;t=m&#038;z=14&#038;output=embed&#038;iwloc=near\"\n\t\t\t\t\ttitle=\"Hall 1, Ludwig-Erhard-Anlage 1, 60327 Frankfurt am Main, Germany\"\n\t\t\t\t\taria-label=\"Hall 1, Ludwig-Erhard-Anlage 1, 60327 Frankfurt am Main, Germany\"\n\t\t\t><\/iframe>\n\t\t<\/div>\n\t\t\t\t\t\t<\/div>\n\t\t\t\t<\/div>\n\t\t\t\t\t<\/div>\r\n\t\t\t\t<\/div>\r\n\t\t\t\t\t<\/div>\r\n\t\t\t\t<\/section>\r\n\t\t\t\t<section class=\"elementor-section elementor-top-section elementor-element elementor-element-312f171 contact-icon-boxes pt-60 elementor-section-boxed elementor-section-height-default elementor-section-height-default\" data-id=\"312f171\" data-element_type=\"section\">\r\n\t\t\r\n\t\t\t\t\t\t\t<div class=\"elementor-container elementor-column-gap-default\">\r\n\t\t\t\t\t\t\t\t\t\t\t<div class=\"elementor-column elementor-col-100 elementor-top-column elementor-element elementor-element-a5b42e5\" data-id=\"a5b42e5\" data-element_type=\"column\">\r\n\t\t\t\t\t<div class=\"elementor-widget-wrap elementor-element-populated\">\r\n\t\t\t\t\t\t\t\t<div class=\"elementor-element elementor-element-450cf5a primary-punc-mark mb-3 elementor-widget elementor-widget-heading\" data-id=\"450cf5a\" data-element_type=\"widget\" data-widget_type=\"heading.default\">\n\t\t\t\t<div class=\"elementor-widget-container\">\n\t\t\t\t\t<h2 class=\"elementor-heading-title elementor-size-default\">Messe Frankfurt Hall 1.2 <strong>:<\/strong><\/h2>\t\t\t\t<\/div>\n\t\t\t\t<\/div>\n\t\t\t\t<div class=\"elementor-element elementor-element-b74a5d6 mb__10 elementor-widget elementor-widget-text-editor\" data-id=\"b74a5d6\" data-element_type=\"widget\" data-widget_type=\"text-editor.default\">\n\t\t\t\t<div class=\"elementor-widget-container\">\n\t\t\t\t\t\t\t\t\t<p>Das neue Zuhause der Gods of Ink Tattoo Convention<\/p><p>The 4th<b> edition of the Gods of Ink Tattoo Convention<\/b> will again take place at <b>Messe Frankfurt<\/b> but this time in a new venue \u2013 <b>the prestigious Hall 1.2.<\/b><\/p><p>Die Halle 1 ist ein wahres architektonisches Wunderwerk mit einem gro\u00dfen roten Rahmen, der sich \u00fcber beide Ebenen der Halle erstreckt und ein eindrucksvolles \u201eFenster zur Stadt\u201c bildet. Dieses einzigartige Design macht die Halle zu einem unvergesslichen Herzst\u00fcck. Die Gods of Ink \ufb01ndet auf der zweiten Ebene statt, die sich \u00fcber 8.000 Quadratmeter erstreckt und von Tageslicht durch\ufb02utet ist.<\/p><p class=\"translation-block\">Der Eingang der <b>Messe City<\/b> liegt verkehrsg\u00fcnstig direkt an der U-Bahn- und Stra\u00dfenbahnhaltestelle <b>\u201eFesthalle\/Messe\u201c<\/b>. Der Frankfurter Hauptbahnhof ist nur zehn Gehminuten entfernt.<\/p>\t\t\t\t\t\t\t\t<\/div>\n\t\t\t\t<\/div>\n\t\t\t\t<div class=\"elementor-element elementor-element-39591b5 mb-1 elementor-widget elementor-widget-image-gallery\" data-id=\"39591b5\" data-element_type=\"widget\" data-widget_type=\"image-gallery.default\">\n\t\t\t\t<div class=\"elementor-widget-container\">\n\t\t\t\t\t\t\t<div class=\"elementor-image-gallery\">\n\t\t\t\t\t<\/div>\n\t\t\t\t\t\t<\/div>\n\t\t\t\t<\/div>\n\t\t\t\t<div class=\"elementor-element elementor-element-8956a70 mt-1 mb-2 elementor-widget elementor-widget-text-editor\" data-id=\"8956a70\" data-element_type=\"widget\" data-widget_type=\"text-editor.default\">\n\t\t\t\t<div class=\"elementor-widget-container\">\n\t\t\t\t\t\t\t\t\t<p>Ludwig-Erhard-Anlage 1, 60327 Frankfurt am Main, Deutschland<\/p>\t\t\t\t\t\t\t\t<\/div>\n\t\t\t\t<\/div>\n\t\t\t\t<div class=\"elementor-element elementor-element-83e3427 w-auto px-2 mb-3 mb-md-2 text-center text-md-start elementor-widget elementor-widget-porto_info_box\" data-id=\"83e3427\" data-element_type=\"widget\" data-widget_type=\"porto_info_box.default\">\n\t\t\t\t<div class=\"elementor-widget-container\">\n\t\t\t\t\t<div class=\"porto-sicon-box style_1 default-icon\"><div class=\"porto-sicon-default\"><div class=\"porto-just-icon-wrapper porto-icon none\" style=\"margin-right:10px;\"><i class=\"far fa-clock\"><\/i><\/div><\/div><div class=\"porto-sicon-header\"><h5 class=\"porto-sicon-title\" style=\"\">Fri 17th Apr 2026: 11:30am - 22:00pm<\/h5><\/div> <!-- header --><\/div><!-- porto-sicon-box -->\t\t\t\t<\/div>\n\t\t\t\t<\/div>\n\t\t\t\t<div class=\"elementor-element elementor-element-c6e826b w-auto px-2 mb-3 mb-md-2 text-center text-md-start elementor-widget elementor-widget-porto_info_box\" data-id=\"c6e826b\" data-element_type=\"widget\" data-widget_type=\"porto_info_box.default\">\n\t\t\t\t<div class=\"elementor-widget-container\">\n\t\t\t\t\t<div class=\"porto-sicon-box style_1 default-icon\"><div class=\"porto-sicon-default\"><div class=\"porto-just-icon-wrapper porto-icon none\" style=\"margin-right:10px;\"><i class=\"far fa-clock\"><\/i><\/div><\/div><div class=\"porto-sicon-header\"><h5 class=\"porto-sicon-title\" style=\"\">Sat 18th Apr 2026: 11:30am - 22:00pm<\/h5><\/div> <!-- header --><\/div><!-- porto-sicon-box -->\t\t\t\t<\/div>\n\t\t\t\t<\/div>\n\t\t\t\t<div class=\"elementor-element elementor-element-ac86576 w-auto px-2 mb-3 mb-md-2 text-center text-md-start elementor-widget elementor-widget-porto_info_box\" data-id=\"ac86576\" data-element_type=\"widget\" data-widget_type=\"porto_info_box.default\">\n\t\t\t\t<div class=\"elementor-widget-container\">\n\t\t\t\t\t<div class=\"porto-sicon-box style_1 default-icon\"><div class=\"porto-sicon-default\"><div class=\"porto-just-icon-wrapper porto-icon none\" style=\"margin-right:10px;\"><i class=\"far fa-clock\"><\/i><\/div><\/div><div class=\"porto-sicon-header\"><h5 class=\"porto-sicon-title\" style=\"\">Sun 19th Apr 2026: 11:30am - 20:00pm<\/h5><\/div> <!-- header --><\/div><!-- porto-sicon-box -->\t\t\t\t<\/div>\n\t\t\t\t<\/div>\n\t\t\t\t\t<\/div>\r\n\t\t\t\t<\/div>\r\n\t\t\t\t\t<\/div>\r\n\t\t\t\t<\/section>\r\n\t\t\t\t<section class=\"elementor-section elementor-top-section elementor-element elementor-element-ca528c5 pt-3 pb-60 elementor-section-boxed elementor-section-height-default elementor-section-height-default\" data-id=\"ca528c5\" data-element_type=\"section\" id=\"reach-us\" data-settings=\"{&quot;background_background&quot;:&quot;classic&quot;}\">\r\n\t\t\r\n\t\t\t\t\t\t\t<div class=\"elementor-container elementor-column-gap-no\">\r\n\t\t\t\t\t\t\t\t\t\t\t<div class=\"elementor-column elementor-col-100 elementor-top-column elementor-element elementor-element-ce8ba08\" data-id=\"ce8ba08\" data-element_type=\"column\">\r\n\t\t\t\t\t<div class=\"elementor-widget-wrap elementor-element-populated\">\r\n\t\t\t\t\t\t\t\t<div class=\"elementor-element elementor-element-a2e378d mb-3 center primary-punc-mark elementor-widget elementor-widget-heading\" data-id=\"a2e378d\" data-element_type=\"widget\" data-widget_type=\"heading.default\">\n\t\t\t\t<div class=\"elementor-widget-container\">\n\t\t\t\t\t<h2 class=\"elementor-heading-title elementor-size-default\">Wie Ihr uns erreicht: <strong>:<\/strong><\/h2>\t\t\t\t<\/div>\n\t\t\t\t<\/div>\n\t\t\t\t<div class=\"elementor-element elementor-element-ba89f39 elementor-widget elementor-widget-text-editor\" data-id=\"ba89f39\" data-element_type=\"widget\" data-widget_type=\"text-editor.default\">\n\t\t\t\t<div class=\"elementor-widget-container\">\n\t\t\t\t\t\t\t\t\t<p class=\"mb-2 translation-block\">Vor Ort gibt es keine Parkm\u00f6glichkeiten, daher empfehlen wir die Anreise mit \u00f6ffentlichen Verkehrsmitteln (<strong>Haltestelle Festhalle\/Messe<\/strong>).<\/p><p><strong>Der Zugang zur Tattoo Convention ist der Eingang Messe City.<\/strong><\/p>\t\t\t\t\t\t\t\t<\/div>\n\t\t\t\t<\/div>\n\t\t\t\t<div class=\"elementor-element elementor-element-4818a3a  mb-0 elementor-widget elementor-widget-accordion\" data-id=\"4818a3a\" data-element_type=\"widget\" data-widget_type=\"accordion.default\">\n\t\t\t\t<div class=\"elementor-widget-container\">\n\t\t\t\t\t\t\t<div class=\"elementor-accordion\">\n\t\t\t\t\t\t\t<div class=\"elementor-accordion-item\">\n\t\t\t\t\t<h5 id=\"elementor-tab-title-7551\" class=\"elementor-tab-title\" data-tab=\"1\" role=\"button\" aria-controls=\"elementor-tab-content-7551\" aria-expanded=\"false\">\n\t\t\t\t\t\t\t\t\t\t\t\t\t<span class=\"elementor-accordion-icon elementor-accordion-icon-right\" aria-hidden=\"true\">\n\t\t\t\t\t\t\t\t\t\t\t\t\t\t\t<span class=\"elementor-accordion-icon-closed\"><i class=\"fas fa-plus\"><\/i><\/span>\n\t\t\t\t\t\t\t\t<span class=\"elementor-accordion-icon-opened\"><i class=\"fas fa-minus\"><\/i><\/span>\n\t\t\t\t\t\t\t\t\t\t\t\t\t\t<\/span>\n\t\t\t\t\t\t\t\t\t\t\t\t<a class=\"elementor-accordion-title\" tabindex=\"0\">Vom Frankfurter Hauptbahnhof<\/a>\n\t\t\t\t\t<\/h5>\n\t\t\t\t\t<div id=\"elementor-tab-content-7551\" class=\"elementor-tab-content elementor-clearfix\" data-tab=\"1\" role=\"region\" aria-labelledby=\"elementor-tab-title-7551\"><p>Frankfurt Central Station is only a few hundred metres away from Messe Frankfurt. With the underground line 4 (U-Bahn, in the direction of Bockenheimer Warte), it is one stop until <strong>Festhalle\/Messe<\/strong>, where you will find the entrance to the exhibition: <b>Messe City \u2013 Ludwig Erhard Anlage.<\/b><\/p><p>Au\u00dferdem k\u00f6nnt ihr am Hauptbahnhof auf eine Stra\u00dfenbahn oder ein Taxi umsteigen. Wenn ihr lieber zu Fu\u00df geht, solltet ihr etwa 10 Minuten einplanen.<\/p><\/div>\n\t\t\t\t<\/div>\n\t\t\t\t\t\t\t<div class=\"elementor-accordion-item\">\n\t\t\t\t\t<h5 id=\"elementor-tab-title-7552\" class=\"elementor-tab-title\" data-tab=\"2\" role=\"button\" aria-controls=\"elementor-tab-content-7552\" aria-expanded=\"false\">\n\t\t\t\t\t\t\t\t\t\t\t\t\t<span class=\"elementor-accordion-icon elementor-accordion-icon-right\" aria-hidden=\"true\">\n\t\t\t\t\t\t\t\t\t\t\t\t\t\t\t<span class=\"elementor-accordion-icon-closed\"><i class=\"fas fa-plus\"><\/i><\/span>\n\t\t\t\t\t\t\t\t<span class=\"elementor-accordion-icon-opened\"><i class=\"fas fa-minus\"><\/i><\/span>\n\t\t\t\t\t\t\t\t\t\t\t\t\t\t<\/span>\n\t\t\t\t\t\t\t\t\t\t\t\t<a class=\"elementor-accordion-title\" tabindex=\"0\">Mit der U-Bahn<\/a>\n\t\t\t\t\t<\/h5>\n\t\t\t\t\t<div id=\"elementor-tab-content-7552\" class=\"elementor-tab-content elementor-clearfix\" data-tab=\"2\" role=\"region\" aria-labelledby=\"elementor-tab-title-7552\"><p>With the underground line 4 (in the direction of Bockenheimer Warte), it is one stop until <strong>Festhalle\/Messe<\/strong>, where you will find the entrance to the exhibition: <b>Messe City \u2013 Ludwig Erhard Anlage.<\/b><\/p><\/div>\n\t\t\t\t<\/div>\n\t\t\t\t\t\t\t<div class=\"elementor-accordion-item\">\n\t\t\t\t\t<h5 id=\"elementor-tab-title-7553\" class=\"elementor-tab-title\" data-tab=\"3\" role=\"button\" aria-controls=\"elementor-tab-content-7553\" aria-expanded=\"false\">\n\t\t\t\t\t\t\t\t\t\t\t\t\t<span class=\"elementor-accordion-icon elementor-accordion-icon-right\" aria-hidden=\"true\">\n\t\t\t\t\t\t\t\t\t\t\t\t\t\t\t<span class=\"elementor-accordion-icon-closed\"><i class=\"fas fa-plus\"><\/i><\/span>\n\t\t\t\t\t\t\t\t<span class=\"elementor-accordion-icon-opened\"><i class=\"fas fa-minus\"><\/i><\/span>\n\t\t\t\t\t\t\t\t\t\t\t\t\t\t<\/span>\n\t\t\t\t\t\t\t\t\t\t\t\t<a class=\"elementor-accordion-title\" tabindex=\"0\">Mit der Stra\u00dfenbahn<\/a>\n\t\t\t\t\t<\/h5>\n\t\t\t\t\t<div id=\"elementor-tab-content-7553\" class=\"elementor-tab-content elementor-clearfix\" data-tab=\"3\" role=\"region\" aria-labelledby=\"elementor-tab-title-7553\"><p>You can reach the tram stop via the main exit of Frankfurt Central Station by crossing the station forecourt. Next, you should take the 16 tram line (in the direction of Ginnheim) or 17 (in the direction of Rebstockbad) three stations until the<strong> Festhalle\/Messe<\/strong> stop. Here, you will find the entrance to the exhibition: <b>Messe City \u2013 Ludwig Erhard Anlage.<\/b><\/p><\/div>\n\t\t\t\t<\/div>\n\t\t\t\t\t\t\t<div class=\"elementor-accordion-item\">\n\t\t\t\t\t<h5 id=\"elementor-tab-title-7554\" class=\"elementor-tab-title\" data-tab=\"4\" role=\"button\" aria-controls=\"elementor-tab-content-7554\" aria-expanded=\"false\">\n\t\t\t\t\t\t\t\t\t\t\t\t\t<span class=\"elementor-accordion-icon elementor-accordion-icon-right\" aria-hidden=\"true\">\n\t\t\t\t\t\t\t\t\t\t\t\t\t\t\t<span class=\"elementor-accordion-icon-closed\"><i class=\"fas fa-plus\"><\/i><\/span>\n\t\t\t\t\t\t\t\t<span class=\"elementor-accordion-icon-opened\"><i class=\"fas fa-minus\"><\/i><\/span>\n\t\t\t\t\t\t\t\t\t\t\t\t\t\t<\/span>\n\t\t\t\t\t\t\t\t\t\t\t\t<a class=\"elementor-accordion-title\" tabindex=\"0\">Vom Flughafen<\/a>\n\t\t\t\t\t<\/h5>\n\t\t\t\t\t<div id=\"elementor-tab-content-7554\" class=\"elementor-tab-content elementor-clearfix\" data-tab=\"4\" role=\"region\" aria-labelledby=\"elementor-tab-title-7554\"><p>From Frankfurt Airport, it is a 15-minute journey by car or taxi to the exhibition grounds, arriving at the entrance of the exhibition: <b>Messe City \u2013 Ludwig Erhard Anlage.<\/b><\/p><p>By public transport: From the airport, you can take the S-Bahn suburban train lines S8 or S9 (in the direction of Hanau or Offenbach Ost) to Frankfurt Central Station (\u201cHauptbahnhof\u201d). Frankfurt Central Station is only a few hundred metres away from Messe Frankfurt. With the underground line 4 (U-Bahn, in the direction of Bockenheimer Warte), it is one stop until Festhalle\/Messe, where you will find the entrance to the exhibition: <b>Messe City \u2013 Ludwig Erhard Anlage.<\/b><\/p><\/div>\n\t\t\t\t<\/div>\n\t\t\t\t\t\t\t<div class=\"elementor-accordion-item\">\n\t\t\t\t\t<h5 id=\"elementor-tab-title-7555\" class=\"elementor-tab-title\" data-tab=\"5\" role=\"button\" aria-controls=\"elementor-tab-content-7555\" aria-expanded=\"false\">\n\t\t\t\t\t\t\t\t\t\t\t\t\t<span class=\"elementor-accordion-icon elementor-accordion-icon-right\" aria-hidden=\"true\">\n\t\t\t\t\t\t\t\t\t\t\t\t\t\t\t<span class=\"elementor-accordion-icon-closed\"><i class=\"fas fa-plus\"><\/i><\/span>\n\t\t\t\t\t\t\t\t<span class=\"elementor-accordion-icon-opened\"><i class=\"fas fa-minus\"><\/i><\/span>\n\t\t\t\t\t\t\t\t\t\t\t\t\t\t<\/span>\n\t\t\t\t\t\t\t\t\t\t\t\t<a class=\"elementor-accordion-title\" tabindex=\"0\">Zu Fu\u00df<\/a>\n\t\t\t\t\t<\/h5>\n\t\t\t\t\t<div id=\"elementor-tab-content-7555\" class=\"elementor-tab-content elementor-clearfix\" data-tab=\"5\" role=\"region\" aria-labelledby=\"elementor-tab-title-7555\"><p>This is a 10-minute walk from D\u00fcsseldorfer Strasse via Platz der Republik and FriedrichEbert-Anlage. The pyramidal top of the Messeturm tower will help you to find your bearings. Just a short walk away, you will find the entrance to the exhibition: <b>Messe City \u2013 Ludwig Erhard Anlage.<\/b><\/p><\/div>\n\t\t\t\t<\/div>\n\t\t\t\t\t\t\t<div class=\"elementor-accordion-item\">\n\t\t\t\t\t<h5 id=\"elementor-tab-title-7556\" class=\"elementor-tab-title\" data-tab=\"6\" role=\"button\" aria-controls=\"elementor-tab-content-7556\" aria-expanded=\"false\">\n\t\t\t\t\t\t\t\t\t\t\t\t\t<span class=\"elementor-accordion-icon elementor-accordion-icon-right\" aria-hidden=\"true\">\n\t\t\t\t\t\t\t\t\t\t\t\t\t\t\t<span class=\"elementor-accordion-icon-closed\"><i class=\"fas fa-plus\"><\/i><\/span>\n\t\t\t\t\t\t\t\t<span class=\"elementor-accordion-icon-opened\"><i class=\"fas fa-minus\"><\/i><\/span>\n\t\t\t\t\t\t\t\t\t\t\t\t\t\t<\/span>\n\t\t\t\t\t\t\t\t\t\t\t\t<a class=\"elementor-accordion-title\" tabindex=\"0\">Mit dem Auto<\/a>\n\t\t\t\t\t<\/h5>\n\t\t\t\t\t<div id=\"elementor-tab-content-7556\" class=\"elementor-tab-content elementor-clearfix translation-block\" data-tab=\"6\" role=\"region\" aria-labelledby=\"elementor-tab-title-7556\">Wenn Ihr mit dem Auto anreist, parkt bitte in einem der zahlreichen \u00f6ffentlichen Parkh\u00e4user in der N\u00e4he, z. B. im <a href=\"https:\/\/g.co\/kgs\/ULicsSY\" target=\"_blank\" rel=\"noopener\"><span style=\"text-decoration: underline\"><strong>Skyline Plaza Shopping center<\/strong><\/span><\/a><\/div>\n\t\t\t\t<\/div>\n\t\t\t\t\t\t\t\t\t\t<script type=\"application\/ld+json\">{\"@context\":\"https:\\\/\\\/schema.org\",\"@type\":\"FAQPage\",\"mainEntity\":[{\"@type\":\"Question\",\"name\":\"From Frankfurt Central Station\",\"acceptedAnswer\":{\"@type\":\"Answer\",\"text\":\"<p>Frankfurt Central Station is only a few hundred metres away from Messe Frankfurt. With the underground line 4 (U-Bahn, in the direction of Bockenheimer Warte), it is one stop until <strong>Festhalle\\\/Messe<\\\/strong>, where you will find the entrance to the exhibition: <b>Messe City \\u2013 Ludwig Erhard Anlage.<\\\/b><\\\/p><p>In addition, you can switch to a tram or taxi once you arrive at the Central Station. If you prefer to walk, this should take around 10 minutes.<\\\/p>\"}},{\"@type\":\"Question\",\"name\":\"By underground train (U-Bahn)\",\"acceptedAnswer\":{\"@type\":\"Answer\",\"text\":\"<p>With the underground line 4 (in the direction of Bockenheimer Warte), it is one stop until <strong>Festhalle\\\/Messe<\\\/strong>, where you will find the entrance to the exhibition: <b>Messe City \\u2013 Ludwig Erhard Anlage.<\\\/b><\\\/p>\"}},{\"@type\":\"Question\",\"name\":\"By tram\",\"acceptedAnswer\":{\"@type\":\"Answer\",\"text\":\"<p>You can reach the tram stop via the main exit of Frankfurt Central Station by crossing the station forecourt. Next, you should take the 16 tram line (in the direction of Ginnheim) or 17 (in the direction of Rebstockbad) three stations until the<strong> Festhalle\\\/Messe<\\\/strong> stop. Here, you will find the entrance to the exhibition: <b>Messe City \\u2013 Ludwig Erhard Anlage.<\\\/b><\\\/p>\"}},{\"@type\":\"Question\",\"name\":\"From the airport\",\"acceptedAnswer\":{\"@type\":\"Answer\",\"text\":\"<p>From Frankfurt Airport, it is a 15-minute journey by car or taxi to the exhibition grounds, arriving at the entrance of the exhibition: <b>Messe City \\u2013 Ludwig Erhard Anlage.<\\\/b><\\\/p><p>By public transport: From the airport, you can take the S-Bahn suburban train lines S8 or S9 (in the direction of Hanau or Offenbach Ost) to Frankfurt Central Station (\\u201cHauptbahnhof\\u201d). Frankfurt Central Station is only a few hundred metres away from Messe Frankfurt. With the underground line 4 (U-Bahn, in the direction of Bockenheimer Warte), it is one stop until Festhalle\\\/Messe, where you will find the entrance to the exhibition: <b>Messe City \\u2013 Ludwig Erhard Anlage.<\\\/b><\\\/p>\"}},{\"@type\":\"Question\",\"name\":\"On foot\",\"acceptedAnswer\":{\"@type\":\"Answer\",\"text\":\"<p>This is a 10-minute walk from D\\u00fcsseldorfer Strasse via Platz der Republik and FriedrichEbert-Anlage. The pyramidal top of the Messeturm tower will help you to find your bearings. Just a short walk away, you will find the entrance to the exhibition: <b>Messe City \\u2013 Ludwig Erhard Anlage.<\\\/b><\\\/p>\"}},{\"@type\":\"Question\",\"name\":\"By car\",\"acceptedAnswer\":{\"@type\":\"Answer\",\"text\":\"If you are arriving by car, please park your car in one of the many public car parks close by e.g. at the <a href=\\\"https:\\\/\\\/g.co\\\/kgs\\\/ULicsSY\\\" target=\\\"_blank\\\" rel=\\\"noopener\\\"><span style=\\\"text-decoration: underline;\\\"><strong>Skyline Plaza Shopping center<\\\/strong><\\\/span><\\\/a> \"}}]}<\/script>\n\t\t\t\t\t<\/div>\n\t\t\t\t\t\t<\/div>\n\t\t\t\t<\/div>\n\t\t\t\t\t<\/div>\r\n\t\t\t\t<\/div>\r\n\t\t\t\t\t<\/div>\r\n\t\t\t\t<\/section>\r\n\t\t\t\t<\/div>","protected":false},"excerpt":{"rendered":"<p>DOWNLOAD HERE THE FLOOR MAP GODS OF INK 2026. DOWNLOAD NOW! Messe Frankfurt Hall 1.2 : The New Home of the Gods of Ink Tattoo Convention. The 4th edition of the Gods of Ink Tattoo Convention will again take place at Messe Frankfurt but this time in a new venue \u2013 the prestigious Hall 1.2. [&hellip;]<\/p>","protected":false},"author":1,"featured_media":0,"parent":0,"menu_order":0,"comment_status":"closed","ping_status":"closed","template":"","meta":{"footnotes":""},"class_list":["post-34","page","type-page","status-publish","hentry"],"_links":{"self":[{"href":"https:\/\/www.godsofinktattooconvention.com\/de\/wp-json\/wp\/v2\/pages\/34","targetHints":{"allow":["GET"]}}],"collection":[{"href":"https:\/\/www.godsofinktattooconvention.com\/de\/wp-json\/wp\/v2\/pages"}],"about":[{"href":"https:\/\/www.godsofinktattooconvention.com\/de\/wp-json\/wp\/v2\/types\/page"}],"author":[{"embeddable":true,"href":"https:\/\/www.godsofinktattooconvention.com\/de\/wp-json\/wp\/v2\/users\/1"}],"replies":[{"embeddable":true,"href":"https:\/\/www.godsofinktattooconvention.com\/de\/wp-json\/wp\/v2\/comments?post=34"}],"version-history":[{"count":0,"href":"https:\/\/www.godsofinktattooconvention.com\/de\/wp-json\/wp\/v2\/pages\/34\/revisions"}],"wp:attachment":[{"href":"https:\/\/www.godsofinktattooconvention.com\/de\/wp-json\/wp\/v2\/media?parent=34"}],"curies":[{"name":"wp","href":"https:\/\/api.w.org\/{rel}","templated":true}]}}